{"id":4969,"date":"2016-12-15T17:46:30","date_gmt":"2016-12-15T22:46:30","guid":{"rendered":"https:\/\/artssutton.com\/?page_id=4969\/"},"modified":"2020-01-16T15:41:58","modified_gmt":"2020-01-16T20:41:58","slug":"call-for-projects-gallery-boutique-2017","status":"publish","type":"page","link":"https:\/\/artssutton.com\/en\/call-for-projects\/call-for-projects-gallery-boutique-2017\/","title":{"rendered":"Collective Exhibition &#8211; No\u00ebl 2019"},"content":{"rendered":"<h2 style=\"text-align: center;\">Exposition collective des membres<br \/>\nAyant pour th\u00e8me<br \/>\nLE LIEN<\/h2>\n<h3 style=\"text-align: center;\">No\u00ebl 2019\u00a0du 28 novembre au 29 d\u00e9cembre\u00a0\u00a02019<\/h3>\n<p style=\"text-align: center;\">(sur le principe premier arriv\u00e9, premier inscrit)<\/p>\n<h3 style=\"text-align: center;\">Le vernissage aura lieu le dimanche<\/h3>\n<p style=\"text-align: center;\">1<sup>er<\/sup> d\u00e9cembre de 14 h \u00e0\u00a016 h.<\/p>\n<hr \/>\n<h3>La date d\u2019ouverture des inscriptions a \u00e9t\u00e9 fix\u00e9e au 4 octobre 2019.<\/h3>\n<ul>\n<li>Nombre d&#8217;artistes en\u00a02D: 35\n<ul>\n<li>La superficie d&#8217;exposition accord\u00e9e par artiste est de 30 pouces (76 cm) de large par 36 pouces ( 91 cm) de hauteur. Les \u0153uvres exc\u00e9dant ces dimensions ne seront pas accept\u00e9es.<\/li>\n<\/ul>\n<\/li>\n<li>Nombre d\u2019artistes ou artisans en\u00a03D\u00a0:\u00a010.\n<ul>\n<li>Dimensions des socles\u00a0: 50,8 x 50,8 cm (20 po x 20 po) au maximum.<\/li>\n<\/ul>\n<li><u>Seules les inscriptions par courriel seront accept\u00e9es avec mention de\u00a0l\u2019option 2D ou 3D.<\/u><\/li>\n<li>La date du d\u00e9p\u00f4t des \u0153uvres\u00a0est\u00a0le\u00a0mardi\u00a026 novembre 2019\u00a0entre 10 h et\u00a0midi.<\/li>\n<li>l&#8217;artiste s&#8217;engage \u00e0 fournir\u00a0la liste compl\u00e8te des \u0153uvres\u00a0pr\u00e9vues pour l&#8217;exposition, incluant les titres et l&#8217;ann\u00e9e de cr\u00e9ation, le m\u00e9dium, le support, les dimensions en CENTIM\u00c8TRES (hauteur et largeur (2D) et hauteur x largeur x profondeur (3D) et la valeur de chacune d&#8217;elles\u00a0par courriel, et ce\u00a0au plus tard le <strong>18 novembre 2019<\/strong>.\u00a0L&#8217;artiste s&#8217;engage aussi \u00e0 identifier chaque \u0153uvre, avec les m\u00eames informations lors du d\u00e9p\u00f4t des celles-ci \u00e0 la galerie le 26 novembre.<\/li>\n<li>Les techniques et m\u00e9diums accept\u00e9s sont les suivants : collage, dessin, estampe, huile, acrylique, aquarelle, gouache, pastel, encre et techniques mixtes, la photographie, sculpture ou m\u00e9tiers d\u2019art.<\/li>\n<li>Les \u0153uvres n\u00e9cessitant une installation sp\u00e9ciale ou compos\u00e9es d\u2019\u00e9l\u00e9ments multiples ne sont pas accept\u00e9es.<\/li>\n<\/ul>\n<p>Pour participer \u00e0 l\u2019exposition l\u2019artiste doit \u00eatre membre en r\u00e8gle du Centre d\u2019art Arts Sutton ou le devenir lors de l\u2019inscription. Le co\u00fbt d\u2019adh\u00e9sion annuelle comme membre artiste est de 50 $.<\/p>\n<h3>Reprise de l\u2019\u0153uvre<\/h3>\n<ul>\n<li>La reprise des \u0153uvres se fera le\u00a0mardi 7 janvier 2020\u00a0entre 10 h et midi.<\/li>\n<\/ul>\n<hr>\n<p>La Galerie sera ouverte, comme \u00e0 l&#8217;habitude,\u00a0le jeudi, vendredi, samedi et dimanche\u00a0de 13 h \u00e0 17\u00a0h.<\/p>\n","protected":false},"excerpt":{"rendered":"<p>Exposition collective des membres Ayant pour th\u00e8me LE LIEN No\u00ebl 2019\u00a0du 28 novembre au 29 d\u00e9cembre\u00a0\u00a02019 (sur le principe premier arriv\u00e9, premier inscrit) Le vernissage aura lieu le dimanche 1er d\u00e9cembre de 14 h \u00e0\u00a016 h. La date d\u2019ouverture des inscriptions a \u00e9t\u00e9 fix\u00e9e au 4 octobre 2019. Nombre d&#8217;artistes en\u00a02D: 35 La superficie d&#8217;exposition&hellip;<\/p>\n","protected":false},"author":105,"featured_media":0,"parent":158,"menu_order":2400,"comment_status":"closed","ping_status":"closed","template":"","meta":{"_acf_changed":false,"footnotes":""},"class_list":["post-4969","page","type-page","status-publish","hentry"],"acf":[],"yoast_head":"<!-- This site is optimized with the Yoast SEO plugin v27.5 - https:\/\/yoast.com\/product\/yoast-seo-wordpress\/ -->\n<title>Collective Exhibition - No\u00ebl 2019 - Arts Sutton<\/title>\n<meta name=\"robots\" content=\"index, follow, max-snippet:-1, max-image-preview:large, max-video-preview:-1\" \/>\n<link rel=\"canonical\" href=\"https:\/\/artssutton.com\/en\/call-for-projects\/call-for-projects-gallery-boutique-2017\/\" \/>\n<meta property=\"og:locale\" content=\"en_US\" \/>\n<meta property=\"og:type\" content=\"article\" \/>\n<meta property=\"og:title\" content=\"Collective Exhibition - No\u00ebl 2019 - Arts Sutton\" \/>\n<meta property=\"og:description\" content=\"Exposition collective des membres Ayant pour th\u00e8me LE LIEN No\u00ebl 2019\u00a0du 28 novembre au 29 d\u00e9cembre\u00a0\u00a02019 (sur le principe premier arriv\u00e9, premier inscrit) Le vernissage aura lieu le dimanche 1er d\u00e9cembre de 14 h \u00e0\u00a016 h. La date d\u2019ouverture des inscriptions a \u00e9t\u00e9 fix\u00e9e au 4 octobre 2019. Nombre d&#8217;artistes en\u00a02D: 35 La superficie d&#8217;exposition&hellip;\" \/>\n<meta property=\"og:url\" content=\"https:\/\/artssutton.com\/en\/call-for-projects\/call-for-projects-gallery-boutique-2017\/\" \/>\n<meta property=\"og:site_name\" content=\"Arts Sutton\" \/>\n<meta property=\"article:publisher\" content=\"https:\/\/www.facebook.com\/artsSutton\" \/>\n<meta property=\"article:modified_time\" content=\"2020-01-16T20:41:58+00:00\" \/>\n<meta property=\"og:image\" content=\"https:\/\/artssutton.com\/wp-content\/uploads\/2019\/07\/Logo_couleur_B_O-FB2019-2400.png\" \/>\n\t<meta property=\"og:image:width\" content=\"2400\" \/>\n\t<meta property=\"og:image:height\" content=\"1260\" \/>\n\t<meta property=\"og:image:type\" content=\"image\/png\" \/>\n<meta name=\"twitter:label1\" content=\"Est. reading time\" \/>\n\t<meta name=\"twitter:data1\" content=\"2 minutes\" \/>\n<script type=\"application\/ld+json\" class=\"yoast-schema-graph\">{\"@context\":\"https:\\\/\\\/schema.org\",\"@graph\":[{\"@type\":\"WebPage\",\"@id\":\"https:\\\/\\\/artssutton.com\\\/en\\\/call-for-projects\\\/call-for-projects-gallery-boutique-2017\\\/\",\"url\":\"https:\\\/\\\/artssutton.com\\\/en\\\/call-for-projects\\\/call-for-projects-gallery-boutique-2017\\\/\",\"name\":\"Collective Exhibition - No\u00ebl 2019 - Arts Sutton\",\"isPartOf\":{\"@id\":\"https:\\\/\\\/artssutton.com\\\/en\\\/#website\"},\"datePublished\":\"2016-12-15T22:46:30+00:00\",\"dateModified\":\"2020-01-16T20:41:58+00:00\",\"breadcrumb\":{\"@id\":\"https:\\\/\\\/artssutton.com\\\/en\\\/call-for-projects\\\/call-for-projects-gallery-boutique-2017\\\/#breadcrumb\"},\"inLanguage\":\"en-US\",\"potentialAction\":[{\"@type\":\"ReadAction\",\"target\":[\"https:\\\/\\\/artssutton.com\\\/en\\\/call-for-projects\\\/call-for-projects-gallery-boutique-2017\\\/\"]}]},{\"@type\":\"BreadcrumbList\",\"@id\":\"https:\\\/\\\/artssutton.com\\\/en\\\/call-for-projects\\\/call-for-projects-gallery-boutique-2017\\\/#breadcrumb\",\"itemListElement\":[{\"@type\":\"ListItem\",\"position\":1,\"name\":\"\",\"item\":\"https:\\\/\\\/artssutton.com\\\/en\\\/home\\\/\"},{\"@type\":\"ListItem\",\"position\":2,\"name\":\"Call for Projects\",\"item\":\"https:\\\/\\\/artssutton.com\\\/en\\\/call-for-projects\\\/\"},{\"@type\":\"ListItem\",\"position\":3,\"name\":\"Collective Exhibition &#8211; No\u00ebl 2019\"}]},{\"@type\":\"WebSite\",\"@id\":\"https:\\\/\\\/artssutton.com\\\/en\\\/#website\",\"url\":\"https:\\\/\\\/artssutton.com\\\/en\\\/\",\"name\":\"Arts Sutton\",\"description\":\"Vou\u00e9 \u00e0 la diffusion de la cr\u00e9ation contemporaine en arts visuels\",\"potentialAction\":[{\"@type\":\"SearchAction\",\"target\":{\"@type\":\"EntryPoint\",\"urlTemplate\":\"https:\\\/\\\/artssutton.com\\\/en\\\/?s={search_term_string}\"},\"query-input\":{\"@type\":\"PropertyValueSpecification\",\"valueRequired\":true,\"valueName\":\"search_term_string\"}}],\"inLanguage\":\"en-US\"}]}<\/script>\n<!-- \/ Yoast SEO plugin. -->","yoast_head_json":{"title":"Collective Exhibition - No\u00ebl 2019 - Arts Sutton","robots":{"index":"index","follow":"follow","max-snippet":"max-snippet:-1","max-image-preview":"max-image-preview:large","max-video-preview":"max-video-preview:-1"},"canonical":"https:\/\/artssutton.com\/en\/call-for-projects\/call-for-projects-gallery-boutique-2017\/","og_locale":"en_US","og_type":"article","og_title":"Collective Exhibition - No\u00ebl 2019 - Arts Sutton","og_description":"Exposition collective des membres Ayant pour th\u00e8me LE LIEN No\u00ebl 2019\u00a0du 28 novembre au 29 d\u00e9cembre\u00a0\u00a02019 (sur le principe premier arriv\u00e9, premier inscrit) Le vernissage aura lieu le dimanche 1er d\u00e9cembre de 14 h \u00e0\u00a016 h. La date d\u2019ouverture des inscriptions a \u00e9t\u00e9 fix\u00e9e au 4 octobre 2019. Nombre d&#8217;artistes en\u00a02D: 35 La superficie d&#8217;exposition&hellip;","og_url":"https:\/\/artssutton.com\/en\/call-for-projects\/call-for-projects-gallery-boutique-2017\/","og_site_name":"Arts Sutton","article_publisher":"https:\/\/www.facebook.com\/artsSutton","article_modified_time":"2020-01-16T20:41:58+00:00","og_image":[{"width":2400,"height":1260,"url":"https:\/\/artssutton.com\/wp-content\/uploads\/2019\/07\/Logo_couleur_B_O-FB2019-2400.png","type":"image\/png"}],"twitter_misc":{"Est. reading time":"2 minutes"},"schema":{"@context":"https:\/\/schema.org","@graph":[{"@type":"WebPage","@id":"https:\/\/artssutton.com\/en\/call-for-projects\/call-for-projects-gallery-boutique-2017\/","url":"https:\/\/artssutton.com\/en\/call-for-projects\/call-for-projects-gallery-boutique-2017\/","name":"Collective Exhibition - No\u00ebl 2019 - Arts Sutton","isPartOf":{"@id":"https:\/\/artssutton.com\/en\/#website"},"datePublished":"2016-12-15T22:46:30+00:00","dateModified":"2020-01-16T20:41:58+00:00","breadcrumb":{"@id":"https:\/\/artssutton.com\/en\/call-for-projects\/call-for-projects-gallery-boutique-2017\/#breadcrumb"},"inLanguage":"en-US","potentialAction":[{"@type":"ReadAction","target":["https:\/\/artssutton.com\/en\/call-for-projects\/call-for-projects-gallery-boutique-2017\/"]}]},{"@type":"BreadcrumbList","@id":"https:\/\/artssutton.com\/en\/call-for-projects\/call-for-projects-gallery-boutique-2017\/#breadcrumb","itemListElement":[{"@type":"ListItem","position":1,"name":"","item":"https:\/\/artssutton.com\/en\/home\/"},{"@type":"ListItem","position":2,"name":"Call for Projects","item":"https:\/\/artssutton.com\/en\/call-for-projects\/"},{"@type":"ListItem","position":3,"name":"Collective Exhibition &#8211; No\u00ebl 2019"}]},{"@type":"WebSite","@id":"https:\/\/artssutton.com\/en\/#website","url":"https:\/\/artssutton.com\/en\/","name":"Arts Sutton","description":"Vou\u00e9 \u00e0 la diffusion de la cr\u00e9ation contemporaine en arts visuels","potentialAction":[{"@type":"SearchAction","target":{"@type":"EntryPoint","urlTemplate":"https:\/\/artssutton.com\/en\/?s={search_term_string}"},"query-input":{"@type":"PropertyValueSpecification","valueRequired":true,"valueName":"search_term_string"}}],"inLanguage":"en-US"}]}},"_links":{"self":[{"href":"https:\/\/artssutton.com\/en\/wp-json\/wp\/v2\/pages\/4969","targetHints":{"allow":["GET"]}}],"collection":[{"href":"https:\/\/artssutton.com\/en\/wp-json\/wp\/v2\/pages"}],"about":[{"href":"https:\/\/artssutton.com\/en\/wp-json\/wp\/v2\/types\/page"}],"author":[{"embeddable":true,"href":"https:\/\/artssutton.com\/en\/wp-json\/wp\/v2\/users\/105"}],"replies":[{"embeddable":true,"href":"https:\/\/artssutton.com\/en\/wp-json\/wp\/v2\/comments?post=4969"}],"version-history":[{"count":0,"href":"https:\/\/artssutton.com\/en\/wp-json\/wp\/v2\/pages\/4969\/revisions"}],"up":[{"embeddable":true,"href":"https:\/\/artssutton.com\/en\/wp-json\/wp\/v2\/pages\/158"}],"wp:attachment":[{"href":"https:\/\/artssutton.com\/en\/wp-json\/wp\/v2\/media?parent=4969"}],"curies":[{"name":"wp","href":"https:\/\/api.w.org\/{rel}","templated":true}]}}